{"id":1412,"date":"2026-03-23T15:31:34","date_gmt":"2026-03-23T18:31:34","guid":{"rendered":"https:\/\/ellencoestagios.com.br\/vagas\/?post_type=job_listing&#038;p=1412"},"modified":"2026-03-23T15:31:34","modified_gmt":"2026-03-23T18:31:34","slug":"estagio-servicos-gerais","status":"publish","type":"job_listing","link":"https:\/\/ellencoestagios.com.br\/vagas\/vaga\/estagio-servicos-gerais\/","title":{"rendered":"ESTAGIO- SERVI\u00c7OS GERAIS"},"content":{"rendered":"<div class=\"flex flex-col text-sm pb-25\">\n<section class=\"text-token-text-primary w-full focus:outline-none [--shadow-height:45px] has-data-writing-block:pointer-events-none has-data-writing-block:-mt-(--shadow-height) has-data-writing-block:pt-(--shadow-height) [&amp;:has([data-writing-block])&gt;*]:pointer-events-auto scroll-mt-[calc(var(--header-height)+min(200px,max(70px,20svh)))]\" dir=\"auto\" data-turn-id=\"request-WEB:73b5175d-f4e8-4092-a26a-42541efea2b5-8\" data-testid=\"conversation-turn-16\" data-scroll-anchor=\"true\" data-turn=\"assistant\">\n<div class=\"text-base my-auto mx-auto pb-10 [--thread-content-margin:var(--thread-content-margin-xs,calc(var(--spacing)*4))] @w-sm\/main:[--thread-content-margin:var(--thread-content-margin-sm,calc(var(--spacing)*6))] @w-lg\/main:[--thread-content-margin:var(--thread-content-margin-lg,calc(var(--spacing)*16))] px-(--thread-content-margin)\">\n<div class=\"[--thread-content-max-width:40rem] @w-lg\/main:[--thread-content-max-width:48rem] mx-auto max-w-(--thread-content-max-width) flex-1 group\/turn-messages focus-visible:outline-hidden relative flex w-full min-w-0 flex-col agent-turn\">\n<div class=\"flex max-w-full flex-col gap-4 grow\">\n<div class=\"min-h-8 text-message relative flex w-full flex-col items-end gap-2 text-start break-words whitespace-normal outline-none keyboard-focused:focus-ring [.text-message+&amp;]:mt-1\" dir=\"auto\" tabindex=\"0\" data-message-author-role=\"assistant\" data-message-id=\"a2d51a7c-5a48-4468-a466-8cc9a8e641ef\" data-message-model-slug=\"gpt-5-3\" data-turn-start-message=\"true\">\n<div class=\"flex w-full flex-col gap-1 empty:hidden\">\n<div class=\"markdown prose dark:prose-invert w-full wrap-break-word light markdown-new-styling\">\n<p data-start=\"0\" data-end=\"57\">\ud83d\udce2 OPORTUNIDADE DE EMPREGO \u2013 EST\u00c1GIO DE SERVI\u00c7OS GERAIS<\/p>\n<p data-start=\"59\" data-end=\"135\">Estamos contratando Est\u00e1gio de Servi\u00e7os Gerais para integrar nossa equipe.<\/p>\n<p data-start=\"137\" data-end=\"311\">\ud83d\udccd Local de trabalho: <span class=\"hover:entity-accent entity-underline inline cursor-pointer align-baseline\"><span class=\"whitespace-normal\">Guarulhos<\/span><\/span> \u2013 Ponte Alta<br data-start=\"209\" data-end=\"212\" \/>\ud83d\udcbc Cargo: Est\u00e1gio de Servi\u00e7os Gerais<br data-start=\"248\" data-end=\"251\" \/>\ud83d\udcb0 Sal\u00e1rio: R$ 800,00<br data-start=\"272\" data-end=\"275\" \/>\ud83c\udf81 Benef\u00edcios:<br data-start=\"289\" data-end=\"292\" \/>\u2022 Vale Transporte<\/p>\n<p data-start=\"313\" data-end=\"427\">\u23f0 Hor\u00e1rio de trabalho:<br data-start=\"335\" data-end=\"338\" \/>\u2022 Op\u00e7\u00e3o 1: Das 07h00 \u00e0s 12h00 (escala 6&#215;1)<br data-start=\"380\" data-end=\"383\" \/>\u2022 Op\u00e7\u00e3o 2: Das 10h30 \u00e0s 15h30 (escala 6&#215;1)<\/p>\n<p data-start=\"429\" data-end=\"594\" data-is-last-node=\"\" data-is-only-node=\"\">Atividades:<br data-start=\"440\" data-end=\"443\" \/>Auxiliar na organiza\u00e7\u00e3o do ambiente, reposi\u00e7\u00e3o de produtos, suporte ao caixa e atendimento na padaria, al\u00e9m de demais atividades relacionadas ao setor.<\/p>\n<\/div>\n<\/div>\n<\/div>\n<\/div>\n<div class=\"z-0 flex min-h-[46px] justify-start\"><\/div>\n<div class=\"mt-3 w-full empty:hidden\">\n<div class=\"text-center\"><\/div>\n<\/div>\n<\/div>\n<\/div>\n<\/section>\n<\/div>\n<div class=\"pointer-events-none h-px w-px absolute bottom-0\" aria-hidden=\"true\" data-edge=\"true\"><\/div>\n","protected":false},"author":6,"featured_media":0,"template":"","meta":{"_promoted":"","_job_location":"Ponte Alta-Guarulhos","_application":"CURRICULO@ELLENCOESTAGIOS.COM.BR","_company_name":"","_company_website":"","_company_tagline":"","_company_twitter":"","_company_video":"","_filled":0,"_featured":0,"_remote_position":0,"_job_salary":"","_job_salary_currency":"","_job_salary_unit":""},"job-categories":[],"job-types":[],"class_list":["post-1412","job_listing","type-job_listing","status-publish","hentry"],"_links":{"self":[{"href":"https:\/\/ellencoestagios.com.br\/vagas\/wp-json\/wp\/v2\/job-listings\/1412","targetHints":{"allow":["GET"]}}],"collection":[{"href":"https:\/\/ellencoestagios.com.br\/vagas\/wp-json\/wp\/v2\/job-listings"}],"about":[{"href":"https:\/\/ellencoestagios.com.br\/vagas\/wp-json\/wp\/v2\/types\/job_listing"}],"author":[{"embeddable":true,"href":"https:\/\/ellencoestagios.com.br\/vagas\/wp-json\/wp\/v2\/users\/6"}],"wp:attachment":[{"href":"https:\/\/ellencoestagios.com.br\/vagas\/wp-json\/wp\/v2\/media?parent=1412"}],"wp:term":[{"taxonomy":"job_listing_category","embeddable":true,"href":"https:\/\/ellencoestagios.com.br\/vagas\/wp-json\/wp\/v2\/job-categories?post=1412"},{"taxonomy":"job_listing_type","embeddable":true,"href":"https:\/\/ellencoestagios.com.br\/vagas\/wp-json\/wp\/v2\/job-types?post=1412"}],"curies":[{"name":"wp","href":"https:\/\/api.w.org\/{rel}","templated":true}]}}